{"version":"1.0","provider_name":"Fefe \u00e9lete","provider_url":"https:\/\/eletunkfefe.cafeblog.hu","author_name":"Paku Andrea","author_url":"https:\/\/eletunkfefe.cafeblog.hu\/author\/paku_andrea\/","title":"","html":"Voltunk reggel k\u00f6rzetin\u00e9l meg a v\u00e9d\u0151n\u0151n\u00e9l. Az \u00faj dokihoz j\u00e1runk m\u00e1r v\u00e9gleg, nekem szimpatikus, f\u0151leg hogy \u0150 is neurol\u00f3gus \u00edgy nem vagyok \"h\u00fclye sz\u00fcl\u0151 aki azt hiszi orvos\" (m\u00e1r lassan t\u00e9nyleg az leszek) hanem vele t\u00e9nyleg meg lehet besz\u00e9lni a dolgokat. \u00cdrtunk fel sok gy\u00f3gyszert k\u00f6zgyogyra, olyan f\u00e1jdalomcsillap\u00edt\u00f3t is keresett ami k\u00fap \u00e9s mehet k\u00f6zgyogyra hogy a m\u00e1j\u00e1t ker\u00fclj\u00fck m\u00e1r ki szeg\u00e9nynek :S K\u00f6zel 1 \u00f3r\u00e1t voltam bent, kint m\u00e1r j\u00f3 sokat v\u00e1rtak, de m\u00e1r nem \u00e9rdekel sehol mennyit vagyunk bent, a gyerek az els\u0151 :)<br \/>Meg is lett m\u00e9rve, most m\u00e1r v\u00e9gre pap\u00edron is n\u0151 mert eddig csak a ruh\u00e1t n\u0151tte ki de a m\u00e9rce mindig ugyan annyi volt ez most 78cm, s\u00falya nem igaz\u00e1n v\u00e1ltozott 9780gr. Igaz\u00e1b\u00f3l a s\u00falya kisebb mint 1 h\u00f3napja volt, de most az elm\u00falt 2 napban volt sz\u00e9klet, s\u0151t mi az hogy volt, tegnap olyan adagot kaptam azt hittem el\u00e1julok :S (m\u00e9g mindig nem b\u00edrom a szagokat). A v\u00e9d\u0151n\u0151 is megn\u00e9zte Man\u00f3t, \u0150 mutatta meg a thai massz\u00e1zst is, m\u00e9g egy kicsit csom\u00f3s de m\u00e1r sokkal jobb. A nyirokcsom\u00f3k be vannak duzzadva, ezt \u00e9reztem \u00e9n is, a nyelv\u00e9n is l\u00e1tszik hogy van vagy volt valami gond, ez lehet a rohamokba is belesz\u00f3lt. <br \/>1 h\u00f3nap m\u00falva megy\u00fcnk megint. <br \/><br \/>neurol\u00f3gia: megbesz\u00e9lt\u00fck a dokinkkal, hogy be\u00e1ll\u00edtunk m\u00e9g egy gy\u00f3gyszert \u00e9s az Keppra. R\u00e9gen m\u00e1r kapta, negat\u00edv hat\u00e1sa nem volt akkor. Most kedden megy\u00fcnk \u00e9s egy alapos kivizsg\u00e1l\u00e1s ut\u00e1n ez lesz az \u00faj szer. Sajnos vannak rohamok \u00e9s nem akarjuk hogy ez \u00edgy minden naposs\u00e1 v\u00e1ljon, egyenl\u0151re megpr\u00f3b\u00e1ljuk \u00edgy. <br \/><br \/>Pet\u0151: m\u00e1rciusra kaptunk id\u0151pontot. A k\u00f6rzeti orvosunk ott a neurol\u00f3gus, mondta is hogy majd \u0150 fogja ott megvizsg\u00e1lni. A Pet\u0151 is elm\u00e9letileg heti 2 alkalom, de ott van lehet\u0151s\u00e9g intenz\u00edv heteket csin\u00e1lni amikor ott lakik az anya \u00e9s a gyerek \u00e9s minden nap van fejleszt\u00e9s. Megn\u00e9zz\u00fck, egy pr\u00f3b\u00e1t adunk ennek is. <br \/><br \/>Torn\u00e1sz: el fogok v\u00e9gezni egy gy\u00f3gytorn\u00e1sz vagy valamilyen fejleszt\u0151s tanfolyamot \u00e9s akkor m\u00e1r biztosan tudni fogom mit \u00e9s hogyan csin\u00e1ljak. Hogy milyen tanfolyamot m\u00e9g nem tudom, jelenleg keresek. <br \/><br \/>Voltunk ma itthon is sz\u00e1nk\u00f3zni. J\u00f3 nagy kert\u00fcnk van, \u00edgy ki sem kellett menni az utc\u00e1ra, itt maradtunk h\u00e1zon bel\u00fcl. Apa is h\u00fazta kicsit majd \u00e9n is kicsit, de a kutyaugat\u00e1s a v\u00e9g\u00e9t jelentette a dolognak mert Fefe nagyon megijedt. Am\u00fagy szerintem most tetszett neki, tal\u00e1n m\u00e1r kezdi megszeretni mert most el\u00e9g sokat besz\u00e9lt. H\u00e1la megint besz\u00e9lget, persze a negyed\u00e9t sem \u00e9rtem de legal\u00e1bb mondja :) Tegnap any\u00f3s \u00e1tvette \u00e9s nagyon mondta hogy \"anya\" meg \"anya valami\" \u00fagyhogy \u00e1tvettem \u00edgy b\u00e9ke lett :D <br \/><br \/>Nagyj\u00e1b\u00f3l ennyi t\u00f6rt\u00e9nt vel\u00fcnk 1 nap alatt :D","type":"rich"}