{"version":"1.0","provider_name":"Fefe \u00e9lete","provider_url":"https:\/\/eletunkfefe.cafeblog.hu","author_name":"Paku Andrea","author_url":"https:\/\/eletunkfefe.cafeblog.hu\/author\/paku_andrea\/","title":"Any\u00e1k napja + torokgyullad\u00e1s","html":"Fefe m\u00e1r este jobban volt, de a l\u00e1za kezdett felmenni \u00edgy gyorsan kapott l\u00e1zcsillap\u00edt\u00f3t. Este a vacsor\u00e1t k\u00f6vetelte, teh\u00e1t t\u00e9nyleg jobban volt :) Sokat nem evett, de az is valami. \u00c9jjel j\u00f3 volt, hajnalban m\u00e1r magyar\u00e1zott. <br \/><br \/>Reggel kaptam vir\u00e1got, k\u00e9p is k\u00e9sz\u00fclt r\u00f3la. <br \/>Kicsit k\u00e9s\u0151bb meg m\u00e1r mosolyg\u00f3s j\u00f3kedve lett, persze a Papa r\u00f6gt\u00f6k kattintgatott.<br \/><div style=\"clear: both;text-align: center\"><a href=\"http:\/\/3.bp.blogspot.com\/-NGqlasxh0WA\/T6Y5ISr9qXI\/AAAAAAAAAQc\/q6mpUb2ZyVk\/s1600\/100_1965.JPG\" style=\"clear: right;float: right;margin-bottom: 1em;margin-left: 1em\"><img border=\"0\" height=\"200\" src=\"https:\/\/eletunkfefe.cafeblog.hu\/files\/2012\/05\/100_1965.jpg\" width=\"196\" \/><\/a><a href=\"http:\/\/1.bp.blogspot.com\/-oltexTtgCP4\/T6Y5I8evCWI\/AAAAAAAAAQk\/szr7RuE26pI\/s1600\/100_1967.JPG\" style=\"margin-left: 1em;margin-right: 1em\"><img border=\"0\" height=\"150\" src=\"https:\/\/eletunkfefe.cafeblog.hu\/files\/2012\/05\/100_1967.jpg\" width=\"200\" \/><\/a><a href=\"http:\/\/3.bp.blogspot.com\/-tHjFO_rC3nA\/T6Y5HqSRQvI\/AAAAAAAAAQY\/4GMQYUSNFLw\/s1600\/100_1964.JPG\" style=\"margin-left: 1em;margin-right: 1em\"><img border=\"0\" height=\"200\" src=\"https:\/\/eletunkfefe.cafeblog.hu\/files\/2012\/05\/100_1964.jpg\" width=\"177\" \/><\/a><\/div><br \/><br \/><br \/>","type":"rich"}