{"version":"1.0","provider_name":"Fefe \u00e9lete","provider_url":"https:\/\/eletunkfefe.cafeblog.hu","author_name":"Paku Andrea","author_url":"https:\/\/eletunkfefe.cafeblog.hu\/author\/paku_andrea\/","title":"Ev\u00e9s","html":"Tegnap elvittem Fef\u00e9t pancsolni a nagy melegben. A medenc\u00e9ben most a  szeme miatt kicsi v\u00edz van, olyan be\u00fcl\u0151s. Mama gondolt egyet, leszedett  egy paradicsomot \u00e9s a kezembe nyomta \u00e9n meg Fefe sz\u00e1j\u00e1ba. H\u00e1\u00e1\u00e1\u00e1\u00e1t, ez a  kis emberke olyan boldogs\u00e1ggal kezdte el r\u00e1gcs\u00e1lni :) Egy f\u00e9lrenyel\u00e9se  sem volt, h\u00fazta ezerrel befel\u00e9. A h\u00e9j\u00e1t \u00fcgyesen meghagyta, az any\u00e1\u00e9 lett  :) Persze a v\u00edz tele lett paradicsommal, de kit \u00e9rdekel. A l\u00e9nyeg, hogy  r\u00e1gta \u00e9s k\u00e9sz.  <br \/>Azt\u00e1n j\u00f6tt a k\u00f6vetkez\u0151 \u00f6tlet a dinnye. \u00c9s l\u00e1ss csod\u00e1t, ette azt is egy f\u00e9lrenyel\u00e9s n\u00e9lk\u00fcl :)  <br \/>Olyan kis okosba \u00e9s \u00fcgyes is :) Im\u00e1dom :D<br \/>A paradicsom ev\u00e9st nem, de&nbsp; a dinnyeev\u00e9st siker\u00fclt lefot\u00f3zni.<br \/><br \/><div style=\"clear: both;text-align: center\"><a href=\"http:\/\/3.bp.blogspot.com\/-SwdqbQvPQmw\/UCDKZaXCpUI\/AAAAAAAAAcw\/3JM0bNgU3nU\/s1600\/100_2437.JPG\" style=\"margin-left: 1em;margin-right: 1em\"><img border=\"0\" height=\"240\" src=\"https:\/\/eletunkfefe.cafeblog.hu\/files\/2012\/08\/100_2437.jpg\" width=\"320\" \/><\/a><\/div><a href=\"http:\/\/1.bp.blogspot.com\/-jS_60DVrveE\/UCDKaEkaYJI\/AAAAAAAAAc0\/jFKfAsTs678\/s1600\/100_2439.JPG\" style=\"clear: left;float: left;margin-bottom: 1em;margin-right: 1em\"><img border=\"0\" height=\"240\" src=\"https:\/\/eletunkfefe.cafeblog.hu\/files\/2012\/08\/100_2439.jpg\" width=\"320\" \/><\/a>A k\u00f6nyvet meg \u0150 tartja seg\u00edts\u00e9g n\u00e9lk\u00fcl, csak kicsit t\u00e1masztja a k\u00f6ny\u00f6k\u00e9t a l\u00e1bamon.","type":"rich"}