{"version":"1.0","provider_name":"Fefe \u00e9lete","provider_url":"https:\/\/eletunkfefe.cafeblog.hu","author_name":"Paku Andrea","author_url":"https:\/\/eletunkfefe.cafeblog.hu\/author\/paku_andrea\/","title":"Csak felemeli a fej\u00e9t","html":"Ebben a nagy melegben nem nagyon akarom kif\u00e1rasztani, \u00edgy ma reggel csak egy kicsi torna volt.<br \/>Azt\u00e1n el\u0151vettem a r\u00e9gi j\u00f3 kis sz\u00e9ket \u00e9s mivel az elej\u00e9n esze \u00e1g\u00e1ban nem volt emelni a fej\u00e9t, \u00edgy cselhez folyamodtam \u00e9s elkezdtem piszk\u00e1lni a kez\u00e9t.<br \/>Ez lett bel\u0151le:<br \/><div style=\"clear: both;text-align: center\"><object width=\"320\" height=\"266\" class codebase=\"http:\/\/download.macromedia.com\/pub\/shockwave\/cabs\/flash\/swflash.cab#version=6,0,40,0\"><param name=\"movie\" value=\"http:\/\/www.youtube.com\/v\/JsM4F-DnbCA?version=3&amp;f=user_uploads&amp;c=google-webdrive-0&amp;app=youtube_gdata\" \/><param name=\"bgcolor\" value=\"#FFFFFF\" \/><param name=\"allowFullScreen\" value=\"true\" \/><embed width=\"320\" height=\"266\" src=\"http:\/\/www.youtube.com\/v\/JsM4F-DnbCA?version=3&amp;f=user_uploads&amp;c=google-webdrive-0&amp;app=youtube_gdata\" type=\"application\/x-shockwave-flash\" allowfullscreen=\"true\"><\/embed><\/object><\/div><br \/>","type":"rich"}