{"version":"1.0","provider_name":"Fefe \u00e9lete","provider_url":"https:\/\/eletunkfefe.cafeblog.hu","author_name":"Paku Andrea","author_url":"https:\/\/eletunkfefe.cafeblog.hu\/author\/paku_andrea\/","title":"Nazarov \u00e9s a t\u00f6bbi","html":"<!--[if gte mso 9]&gt;   Normal  0      21      false  false  false    HU  X-NONE  X-NONE                                                                          &lt;![endif]--><br \/><!--[if gte mso 9]&gt;                                                                                                                                                                                                                                                                                    &lt;![endif]--><!--[if gte mso 10]&gt;&lt;![endif]--><span>Megvolt szombaton a Nazarov el\u0151ad\u00e1s. A doki  elmondta az elj\u00e1r\u00e1s\u00e1t, mit hogyan csin\u00e1l, mivel mit lehet el\u00e9rni, milyen  k\u00f6vetkezm\u00e9nyei vannak a m\u0171t\u00e9tj\u00e9nek, \u00e9s persze hogy mindez mennyibe  ker\u00fcl. <br \/> <br \/> A m\u0171t\u00e9tr\u0151l r\u00f6viden:<br \/> Az elj\u00e1r\u00e1s neve: Miotenofasciotomia (sz\u00f6vetbemetsz\u00e9s) <br \/> Nagyon picike szik\u00e9vel a feszess\u00e9get okoz\u00f3 izmok tapad\u00e1si hely\u00e9n  ejtenek bemetsz\u00e9st, de nem metszenek inakat. A m\u0171t\u00e9t kb 30-45 perce<\/span><br \/><div>s,  maszkos altat\u00e1st (nem m\u00e9lyaltat\u00e1s) alkalmazva t\u00f6rt\u00e9nik. 1 m\u0171t\u00e9ttel  tet\u0151t\u0151l talpig megcsin\u00e1lj\u00e1k a m\u0171t\u00e9tet, \u00edgy 1 alkalommal az eg\u00e9sz test  kezel\u00e9sbe ker\u00fcl. Vas\u00e1rnapi napon k\u00e9ne kiutazni, h\u00e9tf\u0151n lenne a vizit \u00e9s  kedden a m\u0171t\u00e9t, p\u00e9nteken m\u00e1r lehetne is hazautazni. A m\u0171t\u00e9t ut\u00e1n 3 h\u00e9t  teljes tehermentes\u00edt\u00e9s, majd sz\u00e9pen lassan fokozatosan lehetne passz\u00edvan  mozgatni a beteget, a teljes rehabilit\u00e1ci\u00f3 kb 3 h\u00f3nap, de minden a  betegt\u0151l f\u00fcgg. Nagyon fontos szerepe van a m\u0171t\u00e9t ut\u00e1ni id\u0151szakban a  gy\u00f3gytorn\u00e1nak, gy\u00f3gytorn\u00e1sznak, hiszen egy s\u00e9r\u00fclt gyermekn\u00e9l 3 h\u00f3nap  kihagy\u00e1s iszonyat sok id\u0151. Val\u00f3sz\u00edn\u0171, hogy nagyon sok dolgot \u00fajra meg  kell tanulnia, ezek ut\u00e1n m\u00e1r \u00fagy ahogy azz mindenki m\u00e1s csin\u00e1lja.  <br \/> Nagyj\u00e1b\u00f3l \u00f6sszeadva a m\u0171t\u00e9t, vizsg\u00e1lat, sz\u00e1ll\u00e1s, utaz\u00e1s, \u00e9tkez\u00e9s kb 1,5 Mft. <br \/> <br \/> Most lehet\u0151s\u00e9g lett volna egy vizsg\u00e1latra elvinni Fef\u00e9t, egyenl\u0151re csak  k\u00edv\u00e1ncsis\u00e1gb\u00f3l, hogy a doki szerint mi az ami szerinte m\u0171t\u00e9tre szorul,  de erre most nem volt p\u00e9nzem. Janu\u00e1rban lesz Suit \u00e9s d\u00f6ntenem kellett,  hogy Suit torna vagy Nazarov vizsg\u00e1lat. Mivel Fefe szerintem is el\u00e9g j\u00f3l  fejleszthet\u0151, ny\u00fajthat\u00f3ak az izmok, \u00e9s egyenl\u0151re nincs olyan oka a  fejl\u0151d\u00e9s\u00e9nek amit m\u0171t\u00e9ttel k\u00e9ne jav\u00edtani, \u00edgy a Suit mellett d\u00f6nt\u00f6ttem. <br \/> \u00c9n m\u00e9g b\u00e1rmif\u00e9le ortop\u00e9diai m\u0171t\u00e9thez picinek tal\u00e1lom Fef\u00e9t. M\u00e9g csak  most kezd el fejl\u0151dni, most kezdte el l\u00e1tni a dolgokat rendesen, most  kezdett el \u00e9rdekl\u0151dni arr\u00f3l hogy mi zajlik k\u00f6r\u00fcl\u00f6tte, \u00edgy egyenl\u0151re nem  akarom ilyen m\u0171t\u00e9tek al\u00e1 vetni. \u00c9n a csal\u00e1d \u00e9s a torn\u00e1szok v\u00e9lem\u00e9nye  szerint sincs olyan akad\u00e1lya Fefe mozg\u00e1sfejl\u0151d\u00e9s\u00e9nek, amit egy ilyen  m\u0171t\u00e9ttel meg lehetne oldani. Agyb\u00f3l nem tud \u00e1tfordulni, ezen nem seg\u00edt  egy m\u0171t\u00e9t, hanem ezen a torna \u00e9s a sok foglalkoz\u00e1s seg\u00edt. Sajnos azon,  hogy a fejecsk\u00e9j\u00e9t felemelje \u00e9s ne h\u00e1tra nyomja, nem seg\u00edt egy ortop\u00e9d  m\u0171t\u00e9t. <br \/> Nagyj\u00e1b\u00f3l tudom, hogy mik azok amiket a doki most metszene,  de ezek egyenl\u0151re sim\u00e1n ny\u00fajthat\u00f3ak. Illetve amin m\u00e9g gondolkoztam az  az, hogy Fef\u00e9nek alv\u00e1s k\u00f6zben sim\u00e1n kiny\u00fajthat\u00f3 mindene, teh\u00e1t \u0150 a  s\u00e9r\u00fclt idegrendszer \u00e9s a k\u00f3ros mozg\u00e1sform\u00e1k miatt (le\u00e9p\u00edthet\u0151) feszes  amit altat\u00e1sban hogyan is m\u0171tene meg? Na mindegy, a l\u00e9nyeg hogy \u00e9n ezzel  m\u00e9g v\u00e1rn\u00e9k. <br \/> <br \/> Terveim: <br \/> Suit janu\u00e1rban 2 h\u00e9tig. A Vojta  ter\u00e1pi\u00e1ra nagyon szeretn\u00e9m kivinni Erd\u00e9lybe kb 3 h\u00e9tre, ez az utaz\u00e1s  miatt lenne \u00e9rdekes, mert Fefe rendk\u00edv\u00fcl gy\u0171l\u00f6l aut\u00f3k\u00e1zni, \u00edgy lehet  hogy csak a Magyarorsz\u00e1gon ism\u00e9telten megrendez\u00e9sre ker\u00fcl\u0151 1 hetes  ter\u00e1pi\u00e1n fogunk r\u00e9szt venni. Majd ism\u00e9t Suit ter\u00e1pia ahogy j\u00f6nnek  szerintem m\u00e1rcius-\u00e1prilis k\u00f6rny\u00e9k\u00e9n ism\u00e9t 2 h\u00e9tig. Term\u00e9szetesen  csin\u00e1lom az itthoni feladatainkat is (Suit, Vojta \u00e9s Delacato), \u00e9s a nem  k\u00f6telez\u0151 gyerek dolgainkat is :) hiszen Fefe gyermek \u00edgy kell a  j\u00e1tsz\u00e1s, m\u00f3ka \u00e9s a kacag\u00e1s is. <br \/> Tervbe van m\u00e9g egy Barcelonai 2-3  hetes intenz\u00edv ter\u00e1pia, ami persze egy vagyon \u00e9s az OEP nem  finansz\u00edrozza viszont nagyon j\u00f3 eredm\u00e9nyeket \u00e9rnek el a nagyobb  gyerekekn\u00e9l is. Ezekkel a ter\u00e1pi\u00e1kkal tuti j\u00f3 eredm\u00e9nyt tudunk el\u00e9rni  majd. <br \/> Szeretn\u00e9k m\u00e9g egy olyan ovit tal\u00e1lni, ahol a fejleszt\u00e9st is  meg tudn\u00e1 kapni \u00e9s gyerekek k\u00f6z\u00f6tt is tudna lenni. Na ez az amit  jelenleg kivitelezhetetlennek tartom, hiszen sehol nem akarj\u00e1k,  elm\u00e9letileg mindenhol telt h\u00e1z van (\u201es\u00e9r\u00fcltek k\u00edm\u00e9ljenek\u201d, m\u00e1r csak a  kirakott t\u00e1bla hi\u00e1nyzik), de persze keresg\u00e9lek a k\u00f6zelben tov\u00e1bb. <br \/> <br \/> A nagyobb gyerekekre visszat\u00e9rve, jegyezn\u00e9m meg, hogy ami itthon  el\u00e9rhet\u0151 ter\u00e1pia az sajnos a nagyobb, s\u00e9r\u00fcltebb gyerekekn\u00e9l nem igaz\u00e1n  hat\u00e1sosak. Mi is j\u00e1rtunk D\u00e9v\u00e9ny kezel\u00e9sre, t\u00f6bb mint 2 \u00e9vig, de nem  \u00e9rt\u00fcnk el vele semmi l\u00e1tv\u00e1nyos javul\u00e1st, ami nem azt jelenti, hogy nem  j\u00f3 a m\u00f3dszer, csak azt, hogy nek\u00fcnk nem v\u00e1lt be.  <br \/> Sokan  Magyarorsz\u00e1gon a nagyobb gyerekekr\u0151l lemondanak, mondv\u00e1n m\u00e1r nem  fejleszthet\u0151, pedig ez nem \u00edgy van, csak t\u00fcrelmetlenek \u00e9s sok esetben  k\u00e9pzetlenek a terapeut\u00e1k, \u00edgy ink\u00e1bb nem v\u00e1llalj\u00e1k. Egy s\u00e9r\u00fcltebb  gyerekn\u00e9l lassabb a fejl\u0151d\u00e9s, de szerintem ilyen esetekben k\u00e9ne helyt  \u00e1llniuk a terapeut\u00e1knak, \u00e9s ilyenkor lehetne v\u00e1llat veregetni, ha  el\u00e9rnek fejl\u0151d\u00e9st, de n\u00e1lunk ez nem m\u0171k\u00f6dik m\u00e9g. \u00c9s t\u00e9nyleg rem\u00e9lem,  hogy m\u00e9g nem. <br \/> <br \/> Szerd\u00e1n megy\u00fcnk a Vakod\u00e1ba ism\u00e9t egy  vizsg\u00e1latra. Ott l\u00e9tezik egy ovis csoport, ahova szeretn\u00e9m ha felvenn\u00e9k,  de m\u00e1r most azt gondolom, hogy ehhez t\u00fal s\u00e9r\u00fclt. A vakod\u00e1hoz  mozg\u00e1ss\u00e9r\u00fclt, a Pet\u0151h\u00f6z halmozottan s\u00e9r\u00fclt, a fejleszt\u0151 k\u00f6zpontok (ovik)  messze vannak. <br \/> Erre a megold\u00e1s: .......... na igen, nincs<\/div>","type":"rich"}