{"version":"1.0","provider_name":"Fefe \u00e9lete","provider_url":"https:\/\/eletunkfefe.cafeblog.hu","author_name":"Paku Andrea","author_url":"https:\/\/eletunkfefe.cafeblog.hu\/author\/paku_andrea\/","title":"Takar\u00edt\u00e1s fel\u00fcgyel\u0151vel :)","html":"<a href=\"http:\/\/1.bp.blogspot.com\/-niTM17yGqTQ\/UhegJZOIY_I\/AAAAAAAABas\/IWqwPeZri4E\/s1600\/2013-08-23+14.02.04.jpg\" style=\"clear: left;float: left;margin-bottom: 1em;margin-right: 1em\"><\/a>Milyen meglep\u0151, de ma is egy olyan nap volt, amikor Fefe nem aludt eb\u00e9d ut\u00e1n. Ok\u00e9, ha nem h\u00e1t nem :) neki\u00e1lltunk Mam\u00e1val a nagytakar\u00edt\u00e1snak. A mi szob\u00e1nkkal kezdt\u00fck, \u00e9s mivel Fefe nem akart a nappaliban tv-t n\u00e9zni, \u00edgy be\u00fcltette Mama a hintasz\u00e9kben \u00e9s mint egy kis fel\u00fcgyel\u0151 megfigyel\u00e9s alatt tartott minket. Ringattuk a sz\u00e9kben, \u00edgy b\u00e9kess\u00e9g volt, a szob\u00e1nk meg csillog villog&nbsp; :)<br \/><br \/><div style=\"clear: both;text-align: center\"><a href=\"https:\/\/eletunkfefe.cafeblog.hu\/files\/2013\/08\/2013-08-23-14.01.56.jpg\" style=\"margin-left: 1em;margin-right: 1em\"><img border=\"0\" src=\"https:\/\/eletunkfefe.cafeblog.hu\/files\/2013\/08\/2013-08-23-14.01.56.jpg\" height=\"240\" width=\"320\" \/><\/a><a href=\"http:\/\/4.bp.blogspot.com\/-vE57g0GKLz8\/UheftpIUPRI\/AAAAAAAABaU\/RCmpCOUVdzA\/s1600\/2013-08-23+14.02.04.jpg\" style=\"margin-left: 1em;margin-right: 1em\"><\/a><\/div><br \/>","type":"rich","thumbnail_url":"https:\/\/eletunkfefe.cafeblog.hu\/files\/2013\/08\/2013-08-23-14.01.56-150x150.jpg","thumbnail_width":150,"thumbnail_height":150}