{"version":"1.0","provider_name":"Fefe \u00e9lete","provider_url":"https:\/\/eletunkfefe.cafeblog.hu","author_name":"Paku Andrea","author_url":"https:\/\/eletunkfefe.cafeblog.hu\/author\/paku_andrea\/","title":"Gyermektart\u00e1sd\u00edj","html":"2012 febru\u00e1rj\u00e1ban Fefe v\u00e9r szerinti (k\u00e9s\u0151bb ki fog der\u00fclni mi\u00e9rt \u00edrom \u00edgy) apj\u00e1t\u00f3l k\u00fcl\u00f6nk\u00f6lt\u00f6zt\u00fcnk. <br \/>R\u00f6viden annyi volt a baj, hogy apuka sem dolgozni, sem a gyermekkel foglalkozni nem akart, abb\u00f3l viszont igen neh\u00e9z meg\u00e9lni, \u00edgy \u00f6sszepakoltam a cuccainkat \u00e9s hazak\u00f6lt\u00f6zt\u00fcnk anyu\u00e9khoz.<br \/>A viszonyunkr\u00f3l annyit, hogy ezek ut\u00e1n sem t\u00f6rte mag\u00e1t, hogy a gyerekkel tal\u00e1lkozzon, \u00e9s anyagilag sem seg\u00edtett semmit.<br \/>2013 febru\u00e1rj\u00e1ban volt az els\u0151 gyermekelhelyez\u00e9si \u00e9s gyermektart\u00e1sd\u00edj t\u00e1rgyal\u00e1sa, ahol f\u00e9l \u00e9vre visszamen\u0151leg meg\u00e1llap\u00edtott\u00e1k a havi 20.000.-Ft gyermektart\u00e1sd\u00edjat. \u00c9n t\u00f6bbet ig\u00e9nyeltem, de apuka a t\u00f6rv\u00e9nyekre hivatkozva csak ennyit v\u00e1llalt. Meg volt neki adva a r\u00e9szletfizet\u00e9si k\u00f6nny\u00edt\u00e9s, de amint 1 r\u00e9szlettel elmaradna akkor egy \u00f6sszegben kellett volna kifizetnie mindet, meg persze a havi d\u00edj fizet\u00e9sei is k\u00f6telez\u0151 lett volna. <br \/>A b\u00edr\u00f3n\u0151 nagyon egyszer\u0171en fogalmazott, ha apa \u00e9henhal akkor is a gyerek az els\u0151. L\u00e1togatni nem kell viszont a gyermektart\u00e1sd\u00edj fizet\u00e9se k\u00f6telez\u0151.<br \/>Miut\u00e1n nem \u00e9rkezett 1Ft sem, \u00e9s elkezd\u0151d\u00f6tt az \u00f3voda hol a rendszeres gyermekv\u00e9delmi t\u00e1mogat\u00e1shoz k\u00e9rtek egy olyan igazol\u00e1st miszerint \u00e9n jelentettem, hogy apa nem fizet, \u00edgy beadtam a v\u00e9grehajt\u00e1st.<br \/>2013. szeptember\u00e9ben kaptam err\u0151l egy hat\u00e1rozatot amiben le\u00edrt\u00e1k, hogy mennyi a h\u00e1tral\u00e9k, ez ekkor 300.000Ft volt.<br \/>A k\u00f6vetkez\u0151 hatalmas l\u00e9p\u00e9s az \u00fcgyben 2014 janu\u00e1rj\u00e1ban t\u00f6rt\u00e9nt, mikor a v\u00e9grehajt\u00f3i irod\u00e1b\u00f3l kaptam egy levelet, amiben r\u00e9szletezt\u00e9k, hogy az \u00fcgyv\u00e9dnek mennyi a sz\u00e1ml\u00e1ja eddig. Ezt nem nekem kell kifizetni, \u00e9s \u0151szint\u00e9n megvallva nagyon magasr\u00f3l teszek r\u00e1, ez a dolga.<br \/>Tegnap felh\u00edvtam a v\u00e9grehajt\u00f3i irod\u00e1t, hogy most mi van, mikor l\u00e1tunk v\u00e9gre ebb\u0151l p\u00e9nzt, mert ugye nagyon nagy sz\u00fcks\u00e9g lenne r\u00e1? V\u00e1laszt nem kaptam, ma kellett visszatelefon\u00e1lni.<br \/>Arra jutottak, hogy akkor k\u00fcldenek nekem egy hat\u00e1rozatot amivel mehetek tov\u00e1bb a gy\u00e1m\u00fcgyre, \u00e1llam megel\u0151legezi \u00e9s miut\u00e1n v\u00e9r szerinti apuk\u00e1nak nincs semmije, \u00edgy majd sz\u00e9pen le\u00fcli.<br \/><br \/>Komolyan, ezt nekem kell int\u00e9zni? <br \/>V\u00e9letlen\u00fcl nem nekik (hivatalok) k\u00e9ne v\u00e9deni a gyermeket \u00e9s harcolni az\u00e9rt hogy ak\u00e1rhogy de megkapja? mert ha \u00e9n nem jelentem, hogy nem kapunk gyerektart\u00e1sd\u00edjat, akkor vesz\u00e9lyeztetem a kiskor\u00fat mert az az \u0150 p\u00e9nze, \u00e9s akkor \u00fagy sz\u00e1molj\u00e1k hogy megkaptuk, \u00edgy eles\u00fcnk a t\u00e1mogat\u00e1st\u00f3l. <br \/>Ha jelentem sem t\u00f6rt\u00e9nik semmi? Na dehogynem, most addig megyek m\u00edg ebb\u0151l p\u00e9nz\u00fcnk nem lesz, most m\u00e1r csak az\u00e9rt is mert a bossz\u00fa hajt.<br \/><br \/>Mi\u00e9rt v\u00e9r szerintinek h\u00edvom? mert csak az, sem nem tartja a kapcsolatot a gyerekkel aki m\u00e1r el is felejtette \u0150t, sem anyagilag nem seg\u00edti, \u00e9s m\u00e9g mag\u00e1r\u00f3l sem tud gondoskodni ami \u0151szint\u00e9n megvallva nem is \u00e9rdekel.","type":"rich"}